{"id":17881,"date":"2021-10-12T15:51:09","date_gmt":"2021-10-12T13:51:09","guid":{"rendered":"https:\/\/solenaapartman.hu\/rolunk\/"},"modified":"2025-06-23T20:54:10","modified_gmt":"2025-06-23T18:54:10","slug":"rolunk","status":"publish","type":"page","link":"https:\/\/solenaapartman.hu\/ro\/rolunk\/","title":{"rendered":"Despre noi"},"content":{"rendered":"\t\t<div data-elementor-type=\"wp-page\" data-elementor-id=\"17881\" class=\"elementor elementor-17881 elementor-4400\">\n\t\t\t\t<div class=\"wd-negative-gap elementor-element elementor-element-1c90c3f wd-section-stretch e-flex e-con-boxed e-con e-parent\" data-id=\"1c90c3f\" data-element_type=\"container\" data-settings=\"{&quot;background_background&quot;:&quot;classic&quot;}\">\n\t\t\t\t\t<div class=\"e-con-inner\">\n\t\t\t\t<div class=\"elementor-element elementor-element-5d57672 elementor-widget__width-initial elementor-widget-tablet__width-inherit wd-width-100 elementor-widget elementor-widget-wd_title\" data-id=\"5d57672\" data-element_type=\"widget\" data-widget_type=\"wd_title.default\">\n\t\t\t\t<div class=\"elementor-widget-container\">\n\t\t\t\t\t\t\t<div class=\"title-wrapper wd-set-mb reset-last-child wd-title-color-primary wd-title-style-default wd-title-size-large text-left\">\n\n\t\t\t\t\t\t\t\t\t\t\t<div class=\"title-subtitle subtitle-color-primary subtitle-style-default wd-fontsize-xs\">\n\t\t\t\t\tApartamentele SOLENA\t\t\t\t<\/div>\n\t\t\t\n\t\t\t<div class=\"liner-continer\">\n\t\t\t\t<h4 class=\"woodmart-title-container title wd-fontsize-xxl\"> Atmosfer\u0103 familial\u0103, confort privat<\/h4> \n\t\t\t\t\t\t\t<\/div>\n\n\t\t\t\t\t<\/div>\n\t\t\t\t\t\t<\/div>\n\t\t\t\t<\/div>\n\t\t\t\t<div class=\"elementor-element elementor-element-9c05225 elementor-widget__width-initial elementor-widget elementor-widget-wd_infobox\" data-id=\"9c05225\" data-element_type=\"widget\" data-widget_type=\"wd_infobox.default\">\n\t\t\t\t<div class=\"elementor-widget-container\">\n\t\t\t\t\t\t\t<div class=\"info-box-wrapper\">\n\t\t\t<div class=\"wd-info-box text-left box-icon-align-top box-style-base color-scheme-\">\n\t\t\t\t\n\t\t\t\t<div class=\"info-box-content\">\n\t\t\t\t\t\n\t\t\t\t\t\t\t\t\t\t\t<h4\t\t\t\t\t\tclass=\"info-box-title title box-title-style-default wd-fontsize-m\" data-elementor-setting-key=\"title\">\n\t\t\t\t\t\t\t\tRezervare flexibil\u0103\t\t\t\t\t\t<\/h4>\n\t\t\t\t\t\n\t\t\t\t\t<div class=\"info-box-inner reset-last-child\"data-elementor-setting-key=\"content\"><p data-start=\"200\" data-end=\"237\"><span class=\"relative -mx-px my-[-0.2rem] rounded px-px py-[0.2rem] transition-colors duration-100 ease-in-out\">La noi nu exist\u0103 <strong data-start=\"7\" data-end=\"36\">durat\u0103 minim\u0103 de \u0219edere<\/strong>, a\u0219a c\u0103 po\u021bi sta chiar \u0219i pentru o singur\u0103 noapte \u2013 alegerea ideal\u0103 dac\u0103 \u00ee\u021bi dore\u0219ti o vacan\u021b\u0103 spontan\u0103 sau dac\u0103 vii pentru o perioad\u0103 mai lung\u0103. Totul se \u00eent\u00e2mpl\u0103 atunci c\u00e2nd dore\u0219ti tu. <\/span><\/p>\n<\/div>\n\n\t\t\t\t\t\t\t\t\t<\/div>\n\n\t\t\t\t\t\t\t<\/div>\n\t\t<\/div>\n\t\t\t\t\t\t<\/div>\n\t\t\t\t<\/div>\n\t\t\t\t<div class=\"elementor-element elementor-element-ec30bde elementor-widget__width-initial elementor-widget elementor-widget-wd_infobox\" data-id=\"ec30bde\" data-element_type=\"widget\" data-widget_type=\"wd_infobox.default\">\n\t\t\t\t<div class=\"elementor-widget-container\">\n\t\t\t\t\t\t\t<div class=\"info-box-wrapper\">\n\t\t\t<div class=\"wd-info-box text-left box-icon-align-top box-style-base color-scheme-\">\n\t\t\t\t\n\t\t\t\t<div class=\"info-box-content\">\n\t\t\t\t\t\n\t\t\t\t\t\t\t\t\t\t\t<h4\t\t\t\t\t\tclass=\"info-box-title title box-title-style-default wd-fontsize-m\" data-elementor-setting-key=\"title\">\n\t\t\t\t\t\t\t\tLa doar 900 de metri de b\u0103ile termale!\t\t\t\t\t\t<\/h4>\n\t\t\t\t\t\n\t\t\t\t\t<div class=\"info-box-inner reset-last-child\"data-elementor-setting-key=\"content\"><p data-start=\"330\" data-end=\"367\"><span class=\"relative -mx-px my-[-0.2rem] rounded px-px py-[0.2rem] transition-colors duration-100 ease-in-out\">Solena Apartman (4200 Hajd\u00faszoboszl\u00f3, Strada Wessel\u00e9nyi 66\/A) se afl\u0103 la doar <strong data-start=\"67\" data-end=\"82\">900 de metri <\/strong>de faimosul complex termal \u0219i de agrement Hungarospa \u2013 o loca\u021bie ideal\u0103 pentru distrac\u021biile de var\u0103! \ud83d\udeb6\u200d\u2640\ufe0f\ud83d\udca6 <\/span><\/p>\n<\/div>\n\n\t\t\t\t\t\t\t\t\t<\/div>\n\n\t\t\t\t\t\t\t<\/div>\n\t\t<\/div>\n\t\t\t\t\t\t<\/div>\n\t\t\t\t<\/div>\n\t\t\t\t\t<\/div>\n\t\t\t\t<\/div>\n\t\t<div class=\"wd-negative-gap elementor-element elementor-element-7c7c544 e-flex e-con-boxed e-con e-parent\" data-id=\"7c7c544\" data-element_type=\"container\">\n\t\t\t\t\t<div class=\"e-con-inner\">\n\t\t<div class=\"elementor-element elementor-element-e7cb5cd e-con-full e-flex e-con e-child\" data-id=\"e7cb5cd\" data-element_type=\"container\">\n\t\t\t\t<div class=\"elementor-element elementor-element-56aec39 elementor-widget elementor-widget-wd_image_or_svg\" data-id=\"56aec39\" data-element_type=\"widget\" data-widget_type=\"wd_image_or_svg.default\">\n\t\t\t\t<div class=\"elementor-widget-container\">\n\t\t\t\t\t\n\t\t<div class=\"wd-image text-left\">\n\t\t\t\t\t\t\t\t<img fetchpriority=\"high\" decoding=\"async\" width=\"1000\" height=\"1000\" src=\"https:\/\/solenaapartman.hu\/wp-content\/uploads\/2025\/06\/fav-2-solena.png\" class=\"attachment-full size-full\" alt=\"\" srcset=\"https:\/\/solenaapartman.hu\/wp-content\/uploads\/2025\/06\/fav-2-solena.png 1000w, https:\/\/solenaapartman.hu\/wp-content\/uploads\/2025\/06\/fav-2-solena-430x430.png 430w, https:\/\/solenaapartman.hu\/wp-content\/uploads\/2025\/06\/fav-2-solena-150x150.png 150w, https:\/\/solenaapartman.hu\/wp-content\/uploads\/2025\/06\/fav-2-solena-700x700.png 700w, https:\/\/solenaapartman.hu\/wp-content\/uploads\/2025\/06\/fav-2-solena-300x300.png 300w, https:\/\/solenaapartman.hu\/wp-content\/uploads\/2025\/06\/fav-2-solena-800x800.png 800w, https:\/\/solenaapartman.hu\/wp-content\/uploads\/2025\/06\/fav-2-solena-768x768.png 768w\" sizes=\"(max-width: 1000px) 100vw, 1000px\" \/>\t\t\t\t\t<\/div>\n\n\t\t\t\t\t\t<\/div>\n\t\t\t\t<\/div>\n\t\t\t\t<\/div>\n\t\t<div class=\"elementor-element elementor-element-97d6084 e-con-full e-flex e-con e-child\" data-id=\"97d6084\" data-element_type=\"container\">\n\t\t\t\t<div class=\"elementor-element elementor-element-98d830b elementor-widget__width-initial wd-width-100 elementor-widget elementor-widget-wd_title\" data-id=\"98d830b\" data-element_type=\"widget\" data-widget_type=\"wd_title.default\">\n\t\t\t\t<div class=\"elementor-widget-container\">\n\t\t\t\t\t\t\t<div class=\"title-wrapper wd-set-mb reset-last-child wd-title-color-primary wd-title-style-default wd-title-size-large text-left\">\n\n\t\t\t\t\t\t\t\t\t\t\t<div class=\"title-subtitle subtitle-color-primary subtitle-style-default wd-fontsize-xs\">\n\t\t\t\t\tCONFORT PRIVAT\t\t\t\t<\/div>\n\t\t\t\n\t\t\t<div class=\"liner-continer\">\n\t\t\t\t<h4 class=\"woodmart-title-container title wd-fontsize-xxl\">SOLENA Case de Apartamente <\/h4> \n\t\t\t\t\t\t\t<\/div>\n\n\t\t\t\t\t<\/div>\n\t\t\t\t\t\t<\/div>\n\t\t\t\t<\/div>\n\t\t\t\t<div class=\"elementor-element elementor-element-66e47ad elementor-widget elementor-widget-wd_text_block\" data-id=\"66e47ad\" data-element_type=\"widget\" data-widget_type=\"wd_text_block.default\">\n\t\t\t\t<div class=\"elementor-widget-container\">\n\t\t\t\t\t\t\t<div class=\"wd-text-block reset-last-child text-left\">\n\t\t\t\n\t\t\t<p data-start=\"254\" data-end=\"542\">La Solena Apartmanh\u00e1z sunt disponibile <strong data-start=\"278\" data-end=\"327\">8 unit\u0103\u021bi locative separate, amenajate cu gust <\/strong>\u2013 astfel asigur\u0103m o atmosfer\u0103 lini\u0219tit\u0103, familial\u0103 \u0219i confort maxim. \ud83c\udf3f Fiecare apartament este dotat cu aer <strong data-start=\"424\" data-end=\"439\">condi\u021bionat<\/strong>, <strong data-start=\"441\" data-end=\"472\">buc\u0103t\u0103rie proprie \u0219i baie<\/strong>, pentru ca tu s\u0103 te sim\u021bi cu adev\u0103rat ca acas\u0103. <\/p>\n\t\t\t\t\t<\/div>\n\t\t\t\t\t\t<\/div>\n\t\t\t\t<\/div>\n\t\t\t\t<\/div>\n\t\t\t\t\t<\/div>\n\t\t\t\t<\/div>\n\t\t<div class=\"wd-negative-gap elementor-element elementor-element-1a8114e e-flex e-con-boxed e-con e-parent\" data-id=\"1a8114e\" data-element_type=\"container\">\n\t\t\t\t\t<div class=\"e-con-inner\">\n\t\t<div class=\"elementor-element elementor-element-0d061df e-con-full e-flex e-con e-child\" data-id=\"0d061df\" data-element_type=\"container\">\n\t\t\t\t<div class=\"elementor-element elementor-element-633612e elementor-widget elementor-widget-wd_image_or_svg\" data-id=\"633612e\" data-element_type=\"widget\" data-widget_type=\"wd_image_or_svg.default\">\n\t\t\t\t<div class=\"elementor-widget-container\">\n\t\t\t\t\t\n\t\t<div class=\"wd-image text-left\">\n\t\t\t\t\t\t\t\t<img decoding=\"async\" width=\"1501\" height=\"944\" src=\"https:\/\/solenaapartman.hu\/wp-content\/uploads\/2025\/06\/hungarospa-hajduszoboszlo-premium-zona-furdo1.jpg\" class=\"attachment-full size-full\" alt=\"\" srcset=\"https:\/\/solenaapartman.hu\/wp-content\/uploads\/2025\/06\/hungarospa-hajduszoboszlo-premium-zona-furdo1.jpg 1501w, https:\/\/solenaapartman.hu\/wp-content\/uploads\/2025\/06\/hungarospa-hajduszoboszlo-premium-zona-furdo1-430x270.jpg 430w, https:\/\/solenaapartman.hu\/wp-content\/uploads\/2025\/06\/hungarospa-hajduszoboszlo-premium-zona-furdo1-150x94.jpg 150w, https:\/\/solenaapartman.hu\/wp-content\/uploads\/2025\/06\/hungarospa-hajduszoboszlo-premium-zona-furdo1-700x440.jpg 700w, https:\/\/solenaapartman.hu\/wp-content\/uploads\/2025\/06\/hungarospa-hajduszoboszlo-premium-zona-furdo1-400x252.jpg 400w, https:\/\/solenaapartman.hu\/wp-content\/uploads\/2025\/06\/hungarospa-hajduszoboszlo-premium-zona-furdo1-1272x800.jpg 1272w, https:\/\/solenaapartman.hu\/wp-content\/uploads\/2025\/06\/hungarospa-hajduszoboszlo-premium-zona-furdo1-768x483.jpg 768w\" sizes=\"(max-width: 1501px) 100vw, 1501px\" \/>\t\t\t\t\t<\/div>\n\n\t\t\t\t\t\t<\/div>\n\t\t\t\t<\/div>\n\t\t\t\t<\/div>\n\t\t<div class=\"elementor-element elementor-element-7daf242 e-con-full e-flex e-con e-child\" data-id=\"7daf242\" data-element_type=\"container\">\n\t\t\t\t<div class=\"elementor-element elementor-element-22dab67 elementor-widget__width-initial wd-width-100 elementor-widget elementor-widget-wd_title\" data-id=\"22dab67\" data-element_type=\"widget\" data-widget_type=\"wd_title.default\">\n\t\t\t\t<div class=\"elementor-widget-container\">\n\t\t\t\t\t\t\t<div class=\"title-wrapper wd-set-mb reset-last-child wd-title-color-primary wd-title-style-default wd-title-size-large text-left\">\n\n\t\t\t\t\t\t\t\t\t\t\t<div class=\"title-subtitle subtitle-color-primary subtitle-style-default wd-fontsize-xs\">\n\t\t\t\t\tLibertate f\u0103r\u0103 limite\t\t\t\t<\/div>\n\t\t\t\n\t\t\t<div class=\"liner-continer\">\n\t\t\t\t<h4 class=\"woodmart-title-container title wd-fontsize-xxl\">La noi nu trebuie s\u0103 faci compromisuri<\/h4> \n\t\t\t\t\t\t\t<\/div>\n\n\t\t\t\t\t<\/div>\n\t\t\t\t\t\t<\/div>\n\t\t\t\t<\/div>\n\t\t\t\t<div class=\"elementor-element elementor-element-9bd2038 elementor-widget elementor-widget-wd_text_block\" data-id=\"9bd2038\" data-element_type=\"widget\" data-widget_type=\"wd_text_block.default\">\n\t\t\t\t<div class=\"elementor-widget-container\">\n\t\t\t\t\t\t\t<div class=\"wd-text-block reset-last-child text-left\">\n\t\t\t\n\t\t\t<p data-start=\"631\" data-end=\"859\">Fie c\u0103 vii pentru o singur\u0103 noapte sau pentru o perioad\u0103 mai lung\u0103 \u2013<strong data-start=\"696\" data-end=\"731\"> la noi vei g\u0103si mereu u\u0219i deschise<\/strong>. \ud83d\udd4a\ufe0f <strong data-start=\"737\" data-end=\"766\">Nu exist\u0103 durat\u0103 minim\u0103 de \u0219edere, a\u0219a c\u0103 \u00ee\u021bi po\u021bi organiza relaxarea complet flexibil <\/strong>\u2013 ne adapt\u0103m noi \u021bie, nu invers! <\/p>\n\t\t\t\t\t<\/div>\n\t\t\t\t\t\t<\/div>\n\t\t\t\t<\/div>\n\t\t\t\t<\/div>\n\t\t\t\t\t<\/div>\n\t\t\t\t<\/div>\n\t\t<div class=\"wd-negative-gap elementor-element elementor-element-a66fa17 e-flex e-con-boxed e-con e-parent\" data-id=\"a66fa17\" data-element_type=\"container\">\n\t\t\t\t\t<div class=\"e-con-inner\">\n\t\t<div class=\"elementor-element elementor-element-6fb3349 e-con-full e-flex e-con e-child\" data-id=\"6fb3349\" data-element_type=\"container\">\n\t\t\t\t<div class=\"elementor-element elementor-element-43bff91 elementor-widget elementor-widget-wd_image_or_svg\" data-id=\"43bff91\" data-element_type=\"widget\" data-widget_type=\"wd_image_or_svg.default\">\n\t\t\t\t<div class=\"elementor-widget-container\">\n\t\t\t\t\t\n\t\t<div class=\"wd-image text-left\">\n\t\t\t\t\t\t\t\t<img decoding=\"async\" width=\"1024\" height=\"576\" src=\"https:\/\/solenaapartman.hu\/wp-content\/uploads\/2025\/06\/Hajduszoboszlo-latnivalok-forditott-haz-1024x576-1.jpg\" class=\"attachment-full size-full\" alt=\"\" srcset=\"https:\/\/solenaapartman.hu\/wp-content\/uploads\/2025\/06\/Hajduszoboszlo-latnivalok-forditott-haz-1024x576-1.jpg 1024w, https:\/\/solenaapartman.hu\/wp-content\/uploads\/2025\/06\/Hajduszoboszlo-latnivalok-forditott-haz-1024x576-1-430x242.jpg 430w, https:\/\/solenaapartman.hu\/wp-content\/uploads\/2025\/06\/Hajduszoboszlo-latnivalok-forditott-haz-1024x576-1-150x84.jpg 150w, https:\/\/solenaapartman.hu\/wp-content\/uploads\/2025\/06\/Hajduszoboszlo-latnivalok-forditott-haz-1024x576-1-700x394.jpg 700w, https:\/\/solenaapartman.hu\/wp-content\/uploads\/2025\/06\/Hajduszoboszlo-latnivalok-forditott-haz-1024x576-1-400x225.jpg 400w, https:\/\/solenaapartman.hu\/wp-content\/uploads\/2025\/06\/Hajduszoboszlo-latnivalok-forditott-haz-1024x576-1-768x432.jpg 768w\" sizes=\"(max-width: 1024px) 100vw, 1024px\" \/>\t\t\t\t\t<\/div>\n\n\t\t\t\t\t\t<\/div>\n\t\t\t\t<\/div>\n\t\t\t\t<\/div>\n\t\t<div class=\"elementor-element elementor-element-0c9bc24 e-con-full e-flex e-con e-child\" data-id=\"0c9bc24\" data-element_type=\"container\">\n\t\t\t\t<div class=\"elementor-element elementor-element-7c09446 elementor-widget__width-initial wd-width-100 elementor-widget elementor-widget-wd_title\" data-id=\"7c09446\" data-element_type=\"widget\" data-widget_type=\"wd_title.default\">\n\t\t\t\t<div class=\"elementor-widget-container\">\n\t\t\t\t\t\t\t<div class=\"title-wrapper wd-set-mb reset-last-child wd-title-color-primary wd-title-style-default wd-title-size-large text-left\">\n\n\t\t\t\t\t\t\t\t\t\t\t<div class=\"title-subtitle subtitle-color-primary subtitle-style-default wd-fontsize-xs\">\n\t\t\t\t\tFiecare moment este aproape\t\t\t\t<\/div>\n\t\t\t\n\t\t\t<div class=\"liner-continer\">\n\t\t\t\t<h4 class=\"woodmart-title-container title wd-fontsize-xxl\">Experien\u021be la doar o arunc\u0103tur\u0103 de b\u0103\u021b<\/h4> \n\t\t\t\t\t\t\t<\/div>\n\n\t\t\t\t\t<\/div>\n\t\t\t\t\t\t<\/div>\n\t\t\t\t<\/div>\n\t\t\t\t<div class=\"elementor-element elementor-element-93924bc elementor-widget elementor-widget-wd_text_block\" data-id=\"93924bc\" data-element_type=\"widget\" data-widget_type=\"wd_text_block.default\">\n\t\t\t\t<div class=\"elementor-widget-container\">\n\t\t\t\t\t\t\t<div class=\"wd-text-block reset-last-child text-left\">\n\t\t\t\n\t\t\t<p data-start=\"936\" data-end=\"1250\">Loca\u021bia ideal\u0103 a Solena Apartman garanteaz\u0103 c\u0103 nu vei rata nimic! \ud83c\udf1e <strong data-start=\"1028\" data-end=\"1064\">Celebrul complex termal \u0219i de agrement Hungarospa<\/strong> se afl\u0103 la doar <strong data-start=\"1072\" data-end=\"1087\">900 de metri <\/strong>\u2013 c\u00e2teva minute de mers pe jos \u0219i te po\u021bi bucura deja de b\u0103i! Zona este plin\u0103 de oportunit\u0103\u021bi pentru activit\u0103\u021bi, obiective turistice, parcuri \u0219i divertisment \u2013 <strong data-start=\"1211\" data-end=\"1250\">cu noi fiecare zi va fi o vacan\u021b\u0103.<\/strong>  <\/p>\n\t\t\t\t\t<\/div>\n\t\t\t\t\t\t<\/div>\n\t\t\t\t<\/div>\n\t\t\t\t<\/div>\n\t\t\t\t\t<\/div>\n\t\t\t\t<\/div>\n\t\t<div class=\"wd-negative-gap elementor-element elementor-element-9837f95 e-flex e-con-boxed e-con e-parent\" data-id=\"9837f95\" data-element_type=\"container\">\n\t\t\t\t\t<div class=\"e-con-inner\">\n\t\t\t\t<div class=\"elementor-element elementor-element-f5fff4e color-scheme-inherit text-left elementor-widget elementor-widget-text-editor\" data-id=\"f5fff4e\" data-element_type=\"widget\" data-widget_type=\"text-editor.default\">\n\t\t\t\t<div class=\"elementor-widget-container\">\n\t\t\t\t\t\t\t\t\t<h3 data-start=\"175\" data-end=\"228\">\ud83d\udeb6\u200d\u2640\ufe0f Loca\u021bie excelent\u0103 \u2013 experien\u021be la c\u00e2\u021biva pa\u0219i distan\u021b\u0103<\/h3><p data-start=\"230\" data-end=\"486\">Dac\u0103 te cazezi la noi, cu siguran\u021b\u0103 nu va trebui s\u0103 urci \u00een ma\u0219in\u0103 ca s\u0103-\u021bi petreci ziua plin de activit\u0103\u021bi. Solena Apartman se afl\u0103 \u00een inima ora\u0219ului Hajd\u00faszoboszl\u00f3, dar \u00eentr-un mediu lini\u0219tit \u2013 \u0219i \u00een c\u00e2teva minute de mers pe jos po\u021bi ajunge aproape oriunde merit\u0103 s\u0103 vizitezi. <\/p><p data-start=\"493\" data-end=\"917\"> <\/p><p data-start=\"493\" data-end=\"917\"><strong data-start=\"493\" data-end=\"539\">\u2668\ufe0f Complexul termal Hungarospa \u2013 la 900 de metri<\/strong><br data-start=\"539\" data-end=\"542\">Unul dintre cele mai cunoscute complexe de b\u0103i din Europa, unde vindecarea, distrac\u021bia \u0219i relaxarea merg m\u00e2n\u0103 \u00een m\u00e2n\u0103.<br data-start=\"636\" data-end=\"639\">Aici vei g\u0103si:<br data-start=\"656\" data-end=\"659\"><strong data-start=\"675\" data-end=\"689\">\u2013 b\u0103i tradi\u021bionale de tratament,<\/strong><br data-start=\"690\" data-end=\"693\"><strong data-start=\"702\" data-end=\"717\">\u2013 un mare bazin cu valuri,<\/strong><br data-start=\"735\" data-end=\"738\">\u2013 <strong data-start=\"747\" data-end=\"776\">bazin acoperit de agrement (Aqua-Palace)<\/strong> cu tobogane \u0219i zone de relaxare,<br data-start=\"805\" data-end=\"808\"><strong data-start=\"810\" data-end=\"826\">\u2013 un loc de joac\u0103 pentru cei mici,<\/strong><br data-start=\"849\" data-end=\"852\">\u2013 facilit\u0103\u021bi <strong data-start=\"854\" data-end=\"866\">wellness <\/strong>\u0219i sportive pentru relaxarea adul\u021bilor.<\/p><p data-start=\"924\" data-end=\"1210\"> <\/p><p data-start=\"924\" data-end=\"1210\"><strong data-start=\"924\" data-end=\"974\">\ud83d\udd14 Casa Clopotelor \u0219i Turnul Clopotului \u2013 la aproximativ 500 de metri <\/strong><br data-start=\"974\" data-end=\"977\">O atrac\u021bie arhitectural\u0103 modern\u0103 \u0219i deosebit\u0103, care ofer\u0103 o experien\u021b\u0103 memorabil\u0103 nu doar prin sunetele sale, ci \u0219i prin forma sa. Clopotele din lemn reprezint\u0103 un sunet unic, iar din turn se deschide o priveli\u0219te deosebit\u0103 asupra ora\u0219ului. <\/p><p data-start=\"1217\" data-end=\"1457\"> <\/p><p data-start=\"1217\" data-end=\"1457\"><strong data-start=\"1217\" data-end=\"1259\">\ud83c\udff0 Ruinele zidului ora\u0219ului \u0219i bastionul col\u021bar<\/strong><br data-start=\"1259\" data-end=\"1262\">O mic\u0103 c\u0103l\u0103torie \u00een timp \u00een Evul Mediu \u2013 descoper\u0103 patrimoniul istoric al ora\u0219ului Hajd\u00faszoboszl\u00f3, iar \u00een timpul plimb\u0103rii vei primi \u0219i o doz\u0103 de cultur\u0103. P\u0103r\u021bile r\u0103mase din vechiul zid al ora\u0219ului \u0219i turnul de paz\u0103 evoc\u0103 amintirile trecutului. <\/p><p data-start=\"1464\" data-end=\"1701\"> <\/p><p data-start=\"1464\" data-end=\"1701\"><strong data-start=\"1464\" data-end=\"1504\">\ud83c\udfdb\ufe0f Muzeul Istv\u00e1n Bocskai \u2013 la aproximativ 1 km <\/strong><br data-start=\"1504\" data-end=\"1507\">Cu expozi\u021bii interactive, muzeul prezint\u0103 istoria haiducilor \u0219i a lui Istv\u00e1n Bocskai. De asemenea, poate fi admirat\u0103 o copie autentic\u0103 a celebrei coroane Bocskai, pe care o descoper\u0103 cu pl\u0103cere at\u00e2t copiii, c\u00e2t \u0219i adul\u021bii. <\/p><p data-start=\"1708\" data-end=\"2006\"> <\/p><p data-start=\"1708\" data-end=\"2006\">\ud83c\udfa1 <strong data-start=\"1708\" data-end=\"1748\">Parcuri de distrac\u021bii pentru toate v\u00e2rstele<\/strong><br data-start=\"1748\" data-end=\"1751\">Distrac\u021bia te a\u0219teapt\u0103 \u0219i dincolo de b\u0103i! \u00cen apropiere se afl\u0103:<br data-start=\"1805\" data-end=\"1808\"><strong data-start=\"1810\" data-end=\"1836\">\u2013 Parcul de aventur\u0103 M\u00f3kuskaland,<\/strong><br data-start=\"1837\" data-end=\"1840\">\u2013 preferatul familiilor: Teatrul <strong data-start=\"1865\" data-end=\"1892\">D\u00f6rm\u00f6g\u0151 D\u00f6m\u00f6t\u00f6r,<\/strong><br data-start=\"1893\" data-end=\"1896\">\u2013 pist\u0103 de <strong data-start=\"1898\" data-end=\"1914\">go-kart,<\/strong><br data-start=\"1915\" data-end=\"1918\">\u2013 \u0219i un tren <strong data-start=\"1939\" data-end=\"1958\">nostalgic <\/strong>magic care face turul locurilor de divertisment din ora\u0219. <\/p><p data-start=\"2013\" data-end=\"2323\"> <\/p><p data-start=\"2013\" data-end=\"2323\"><strong data-start=\"2013\" data-end=\"2068\">\u26ea Ora\u0219ul bisericilor \u2013 credin\u021b\u0103 \u0219i istorie m\u00e2n\u0103 \u00een m\u00e2n\u0103<\/strong><br data-start=\"2068\" data-end=\"2071\">La doar c\u00e2teva sute de metri se afl\u0103 bisericile a trei mari confesiuni:<br data-start=\"2140\" data-end=\"2143\">\u2013 monumental\u0103<strong data-start=\"2160\" data-end=\"2182\"> Biseric\u0103 Reformat\u0103,<\/strong><br data-start=\"2183\" data-end=\"2186\">\u2013 colorata \u0219i decorata B<strong data-start=\"2205\" data-end=\"2231\">iseric\u0103 Greco-Catolic\u0103,<\/strong><br data-start=\"2232\" data-end=\"2235\">\u2013 \u0219i elegant\u0103 <strong data-start=\"2251\" data-end=\"2278\">Biseric\u0103 Romano-Catolic\u0103 <\/strong>\u2013 o experien\u021b\u0103 cultural\u0103 \u0219i spiritual\u0103 deopotriv\u0103.<\/p><p data-start=\"2330\" data-end=\"2565\"> <\/p><p data-start=\"2330\" data-end=\"2565\"><strong data-start=\"2330\" data-end=\"2386\">\ud83c\udf33 Lac de agrement, Parcul Sf\u00e2ntul \u0218tefan \u0219i sculpturi \u00een spa\u021biul public<\/strong><br data-start=\"2386\" data-end=\"2389\">O oportunitate ideal\u0103 de relaxare pentru iubitorii naturii. P\u0103duri umbrite, b\u0103nci, posibilitate de plimbare cu barca \u0219i descoperirea sculpturilor celebre ale ora\u0219ului \u00eentr-o plimbare pl\u0103cut\u0103 de dup\u0103-amiaz\u0103. <\/p><p data-start=\"2572\" data-end=\"2997\"> <\/p><p data-start=\"2572\" data-end=\"2997\"><strong data-start=\"2572\" data-end=\"2620\">\ud83c\udf3e Excursii \u00een \u00eemprejurimi \u2013 pentru c\u00e2nd vrei s\u0103 ie\u0219i din ora\u0219<\/strong><br data-start=\"2620\" data-end=\"2623\">Hajd\u00faszoboszl\u00f3 este un punct de plecare excelent:<br data-start=\"2657\" data-end=\"2660\">\u2013 <strong data-start=\"2662\" data-end=\"2674\">Debrecen<\/strong>, la doar 20 km \u2013 centrul cultural al regiunii, cu pia\u021ba sa principal\u0103, Catedrala Mare \u0219i gr\u0103dina zoologic\u0103.<br data-start=\"2763\" data-end=\"2766\">\u2013<strong data-start=\"2768\" data-end=\"2795\"> Parcul Na\u021bional Hortob\u00e1gy <\/strong>\u2013 inima c\u00e2mpiei maghiare, cu podul cu nou\u0103 arcade, via\u021ba p\u0103storilor \u0219i animalele autohtone.<br data-start=\"2876\" data-end=\"2879\">\u2013 Gr\u0103dina <strong data-start=\"2881\" data-end=\"2906\">Zoologic\u0103 Ny\u00edregyh\u00e1za <\/strong>\u2013 una dintre cele mai bune gr\u0103dini zoologice din \u021bar\u0103, o experien\u021b\u0103 de neratat pentru mici \u0219i mari.<\/p><p data-start=\"3004\" data-end=\"3147\" data-is-last-node=\"\" data-is-only-node=\"\"> <\/p><p data-start=\"3004\" data-end=\"3147\" data-is-last-node=\"\" data-is-only-node=\"\">\ud83c\udfaf<strong data-start=\"3007\" data-end=\"3057\"> La noi nu doar te relaxezi <\/strong>\u2013 aduni experien\u021be. Rezerv\u0103 acum \u0219i descoper\u0103 toate frumuse\u021bile Hajd\u00faszoboszl\u00f3, pornind dintr-o singur\u0103 cazare!<\/p>\t\t\t\t\t\t\t\t<\/div>\n\t\t\t\t<\/div>\n\t\t\t\t\t<\/div>\n\t\t\t\t<\/div>\n\t\t\t\t<\/div>\n\t\t","protected":false},"excerpt":{"rendered":"<p>Apartamentele SOLENA Atmosfer\u0103 familial\u0103, confort privat Rezervare flexibil\u0103 La noi nu exist\u0103 durat\u0103 minim\u0103 de \u0219edere, a\u0219a c\u0103 po\u021bi sta<\/p>\n","protected":false},"author":1,"featured_media":0,"parent":0,"menu_order":0,"comment_status":"closed","ping_status":"closed","template":"","meta":{"footnotes":""},"class_list":["post-17881","page","type-page","status-publish","hentry"],"yoast_head":"<!-- This site is optimized with the Yoast SEO Premium plugin v25.3.1 (Yoast SEO v25.3.1) - https:\/\/yoast.com\/wordpress\/plugins\/seo\/ -->\n<title>Despre noi | SOLENA Apartmanh\u00e1z Hajd\u00faszoboszl\u00f3<\/title>\n<meta name=\"description\" content=\"Apartamentele SOLENA Atmosfer\u0103 familial\u0103, confort privat Rezervare flexibil\u0103 La noi nu exist\u0103 durat\u0103 minim\u0103 de \u0219edere, a\u0219a c\u0103 po\u021bi sta chiar \u0219i pentru o\" \/>\n<meta name=\"robots\" content=\"index, follow, max-snippet:-1, max-image-preview:large, max-video-preview:-1\" \/>\n<link rel=\"canonical\" href=\"https:\/\/solenaapartman.hu\/ro\/rolunk\/\" \/>\n<meta property=\"og:locale\" content=\"ro_RO\" \/>\n<meta property=\"og:type\" content=\"article\" \/>\n<meta property=\"og:title\" content=\"Despre noi\" \/>\n<meta property=\"og:description\" content=\"Apartamentele SOLENA Atmosfer\u0103 familial\u0103, confort privat Rezervare flexibil\u0103 La noi nu exist\u0103 durat\u0103 minim\u0103 de \u0219edere, a\u0219a c\u0103 po\u021bi sta chiar \u0219i pentru o\" \/>\n<meta property=\"og:url\" content=\"https:\/\/solenaapartman.hu\/ro\/rolunk\/\" \/>\n<meta property=\"og:site_name\" content=\"SOLENA Apartmanh\u00e1z Hajd\u00faszoboszl\u00f3\" \/>\n<meta property=\"article:modified_time\" content=\"2025-06-23T18:54:10+00:00\" \/>\n<meta property=\"og:image\" content=\"https:\/\/solenaapartman.hu\/wp-content\/uploads\/2025\/06\/fav-2-solena.png\" \/>\n<meta name=\"twitter:card\" content=\"summary_large_image\" \/>\n<meta name=\"twitter:label1\" content=\"Timp estimat pentru citire\" \/>\n\t<meta name=\"twitter:data1\" content=\"4 minute\" \/>\n<script type=\"application\/ld+json\" class=\"yoast-schema-graph\">{\"@context\":\"https:\/\/schema.org\",\"@graph\":[{\"@type\":\"WebPage\",\"@id\":\"https:\/\/solenaapartman.hu\/ro\/rolunk\/\",\"url\":\"https:\/\/solenaapartman.hu\/ro\/rolunk\/\",\"name\":\"Despre noi | SOLENA Apartmanh\u00e1z Hajd\u00faszoboszl\u00f3\",\"isPartOf\":{\"@id\":\"https:\/\/solenaapartman.hu\/ro\/#website\"},\"primaryImageOfPage\":{\"@id\":\"https:\/\/solenaapartman.hu\/ro\/rolunk\/#primaryimage\"},\"image\":{\"@id\":\"https:\/\/solenaapartman.hu\/ro\/rolunk\/#primaryimage\"},\"thumbnailUrl\":\"https:\/\/solenaapartman.hu\/wp-content\/uploads\/2025\/06\/fav-2-solena.png\",\"datePublished\":\"2021-10-12T13:51:09+00:00\",\"dateModified\":\"2025-06-23T18:54:10+00:00\",\"description\":\"Apartamentele SOLENA Atmosfer\u0103 familial\u0103, confort privat Rezervare flexibil\u0103 La noi nu exist\u0103 durat\u0103 minim\u0103 de \u0219edere, a\u0219a c\u0103 po\u021bi sta chiar \u0219i pentru o\",\"breadcrumb\":{\"@id\":\"https:\/\/solenaapartman.hu\/ro\/rolunk\/#breadcrumb\"},\"inLanguage\":\"ro-RO\",\"potentialAction\":[{\"@type\":\"ReadAction\",\"target\":[\"https:\/\/solenaapartman.hu\/ro\/rolunk\/\"]}]},{\"@type\":\"ImageObject\",\"inLanguage\":\"ro-RO\",\"@id\":\"https:\/\/solenaapartman.hu\/ro\/rolunk\/#primaryimage\",\"url\":\"https:\/\/solenaapartman.hu\/wp-content\/uploads\/2025\/06\/fav-2-solena.png\",\"contentUrl\":\"https:\/\/solenaapartman.hu\/wp-content\/uploads\/2025\/06\/fav-2-solena.png\"},{\"@type\":\"BreadcrumbList\",\"@id\":\"https:\/\/solenaapartman.hu\/ro\/rolunk\/#breadcrumb\",\"itemListElement\":[{\"@type\":\"ListItem\",\"position\":1,\"name\":\"Kezd\u0151lap\",\"item\":\"https:\/\/solenaapartman.hu\/ro\/\"},{\"@type\":\"ListItem\",\"position\":2,\"name\":\"Despre noi\"}]},{\"@type\":\"WebSite\",\"@id\":\"https:\/\/solenaapartman.hu\/ro\/#website\",\"url\":\"https:\/\/solenaapartman.hu\/ro\/\",\"name\":\"SOLENA Apartmanh\u00e1z Hajd\u00faszoboszl\u00f3\",\"description\":\"Olcs\u00f3 apartmanok Hajd\u00faszoboszl\u00f3n!\",\"publisher\":{\"@id\":\"https:\/\/solenaapartman.hu\/ro\/#organization\"},\"potentialAction\":[{\"@type\":\"SearchAction\",\"target\":{\"@type\":\"EntryPoint\",\"urlTemplate\":\"https:\/\/solenaapartman.hu\/ro\/?s={search_term_string}\"},\"query-input\":{\"@type\":\"PropertyValueSpecification\",\"valueRequired\":true,\"valueName\":\"search_term_string\"}}],\"inLanguage\":\"ro-RO\"},{\"@type\":\"Organization\",\"@id\":\"https:\/\/solenaapartman.hu\/ro\/#organization\",\"name\":\"SOLENA Apartmanh\u00e1z Hajd\u00faszoboszl\u00f3\",\"url\":\"https:\/\/solenaapartman.hu\/ro\/\",\"logo\":{\"@type\":\"ImageObject\",\"inLanguage\":\"ro-RO\",\"@id\":\"https:\/\/solenaapartman.hu\/ro\/#\/schema\/logo\/image\/\",\"url\":\"https:\/\/solenaapartman.hu\/wp-content\/uploads\/2025\/06\/Solena-Favicon.png\",\"contentUrl\":\"https:\/\/solenaapartman.hu\/wp-content\/uploads\/2025\/06\/Solena-Favicon.png\",\"width\":1000,\"height\":1000,\"caption\":\"SOLENA Apartmanh\u00e1z Hajd\u00faszoboszl\u00f3\"},\"image\":{\"@id\":\"https:\/\/solenaapartman.hu\/ro\/#\/schema\/logo\/image\/\"}}]}<\/script>\n<!-- \/ Yoast SEO Premium plugin. -->","yoast_head_json":{"title":"Despre noi | SOLENA Apartmanh\u00e1z Hajd\u00faszoboszl\u00f3","description":"Apartamentele SOLENA Atmosfer\u0103 familial\u0103, confort privat Rezervare flexibil\u0103 La noi nu exist\u0103 durat\u0103 minim\u0103 de \u0219edere, a\u0219a c\u0103 po\u021bi sta chiar \u0219i pentru o","robots":{"index":"index","follow":"follow","max-snippet":"max-snippet:-1","max-image-preview":"max-image-preview:large","max-video-preview":"max-video-preview:-1"},"canonical":"https:\/\/solenaapartman.hu\/ro\/rolunk\/","og_locale":"ro_RO","og_type":"article","og_title":"Despre noi","og_description":"Apartamentele SOLENA Atmosfer\u0103 familial\u0103, confort privat Rezervare flexibil\u0103 La noi nu exist\u0103 durat\u0103 minim\u0103 de \u0219edere, a\u0219a c\u0103 po\u021bi sta chiar \u0219i pentru o","og_url":"https:\/\/solenaapartman.hu\/ro\/rolunk\/","og_site_name":"SOLENA Apartmanh\u00e1z Hajd\u00faszoboszl\u00f3","article_modified_time":"2025-06-23T18:54:10+00:00","og_image":[{"url":"https:\/\/solenaapartman.hu\/wp-content\/uploads\/2025\/06\/fav-2-solena.png","type":"","width":"","height":""}],"twitter_card":"summary_large_image","twitter_misc":{"Timp estimat pentru citire":"4 minute"},"schema":{"@context":"https:\/\/schema.org","@graph":[{"@type":"WebPage","@id":"https:\/\/solenaapartman.hu\/ro\/rolunk\/","url":"https:\/\/solenaapartman.hu\/ro\/rolunk\/","name":"Despre noi | SOLENA Apartmanh\u00e1z Hajd\u00faszoboszl\u00f3","isPartOf":{"@id":"https:\/\/solenaapartman.hu\/ro\/#website"},"primaryImageOfPage":{"@id":"https:\/\/solenaapartman.hu\/ro\/rolunk\/#primaryimage"},"image":{"@id":"https:\/\/solenaapartman.hu\/ro\/rolunk\/#primaryimage"},"thumbnailUrl":"https:\/\/solenaapartman.hu\/wp-content\/uploads\/2025\/06\/fav-2-solena.png","datePublished":"2021-10-12T13:51:09+00:00","dateModified":"2025-06-23T18:54:10+00:00","description":"Apartamentele SOLENA Atmosfer\u0103 familial\u0103, confort privat Rezervare flexibil\u0103 La noi nu exist\u0103 durat\u0103 minim\u0103 de \u0219edere, a\u0219a c\u0103 po\u021bi sta chiar \u0219i pentru o","breadcrumb":{"@id":"https:\/\/solenaapartman.hu\/ro\/rolunk\/#breadcrumb"},"inLanguage":"ro-RO","potentialAction":[{"@type":"ReadAction","target":["https:\/\/solenaapartman.hu\/ro\/rolunk\/"]}]},{"@type":"ImageObject","inLanguage":"ro-RO","@id":"https:\/\/solenaapartman.hu\/ro\/rolunk\/#primaryimage","url":"https:\/\/solenaapartman.hu\/wp-content\/uploads\/2025\/06\/fav-2-solena.png","contentUrl":"https:\/\/solenaapartman.hu\/wp-content\/uploads\/2025\/06\/fav-2-solena.png"},{"@type":"BreadcrumbList","@id":"https:\/\/solenaapartman.hu\/ro\/rolunk\/#breadcrumb","itemListElement":[{"@type":"ListItem","position":1,"name":"Kezd\u0151lap","item":"https:\/\/solenaapartman.hu\/ro\/"},{"@type":"ListItem","position":2,"name":"Despre noi"}]},{"@type":"WebSite","@id":"https:\/\/solenaapartman.hu\/ro\/#website","url":"https:\/\/solenaapartman.hu\/ro\/","name":"SOLENA Apartmanh\u00e1z Hajd\u00faszoboszl\u00f3","description":"Olcs\u00f3 apartmanok Hajd\u00faszoboszl\u00f3n!","publisher":{"@id":"https:\/\/solenaapartman.hu\/ro\/#organization"},"potentialAction":[{"@type":"SearchAction","target":{"@type":"EntryPoint","urlTemplate":"https:\/\/solenaapartman.hu\/ro\/?s={search_term_string}"},"query-input":{"@type":"PropertyValueSpecification","valueRequired":true,"valueName":"search_term_string"}}],"inLanguage":"ro-RO"},{"@type":"Organization","@id":"https:\/\/solenaapartman.hu\/ro\/#organization","name":"SOLENA Apartmanh\u00e1z Hajd\u00faszoboszl\u00f3","url":"https:\/\/solenaapartman.hu\/ro\/","logo":{"@type":"ImageObject","inLanguage":"ro-RO","@id":"https:\/\/solenaapartman.hu\/ro\/#\/schema\/logo\/image\/","url":"https:\/\/solenaapartman.hu\/wp-content\/uploads\/2025\/06\/Solena-Favicon.png","contentUrl":"https:\/\/solenaapartman.hu\/wp-content\/uploads\/2025\/06\/Solena-Favicon.png","width":1000,"height":1000,"caption":"SOLENA Apartmanh\u00e1z Hajd\u00faszoboszl\u00f3"},"image":{"@id":"https:\/\/solenaapartman.hu\/ro\/#\/schema\/logo\/image\/"}}]}},"_links":{"self":[{"href":"https:\/\/solenaapartman.hu\/ro\/wp-json\/wp\/v2\/pages\/17881","targetHints":{"allow":["GET"]}}],"collection":[{"href":"https:\/\/solenaapartman.hu\/ro\/wp-json\/wp\/v2\/pages"}],"about":[{"href":"https:\/\/solenaapartman.hu\/ro\/wp-json\/wp\/v2\/types\/page"}],"author":[{"embeddable":true,"href":"https:\/\/solenaapartman.hu\/ro\/wp-json\/wp\/v2\/users\/1"}],"replies":[{"embeddable":true,"href":"https:\/\/solenaapartman.hu\/ro\/wp-json\/wp\/v2\/comments?post=17881"}],"version-history":[{"count":0,"href":"https:\/\/solenaapartman.hu\/ro\/wp-json\/wp\/v2\/pages\/17881\/revisions"}],"wp:attachment":[{"href":"https:\/\/solenaapartman.hu\/ro\/wp-json\/wp\/v2\/media?parent=17881"}],"curies":[{"name":"wp","href":"https:\/\/api.w.org\/{rel}","templated":true}]}}